{"id":1632,"date":"2017-08-16T22:26:17","date_gmt":"2017-08-16T20:26:17","guid":{"rendered":"http:\/\/doering-architekten.de\/de\/?page_id=1632"},"modified":"2026-04-30T11:08:28","modified_gmt":"2026-04-30T09:08:28","slug":"die-kunst-der-kuben","status":"publish","type":"page","link":"https:\/\/doering-architekten.de\/de\/georg-doering-meine-wege-zur-architektur\/","title":{"rendered":"Georg D\u00f6ring \u2013 Meine Wege zur Architektur"},"content":{"rendered":"<div class=\"wpb-content-wrapper\"><p>[vc_row][vc_column css=&#8220;.vc_custom_1502956990196{margin-top: 50px !important;}&#8220; offset=&#8220;vc_hidden-lg vc_hidden-md vc_hidden-sm&#8220;][\/vc_column][\/vc_row][vc_row][vc_column offset=&#8220;vc_col-lg-offset-2 vc_col-lg-8 vc_col-md-offset-2 vc_col-md-8&#8243; css=&#8220;.vc_custom_1502956957388{margin-top: -200px !important;}&#8220;][vc_column_text css=&#8220;&#8220;]<\/p>\n<p class=\"zpmg-text-header-2\" style=\"font-size: 3vw!important; line-height: 120%!important;\">Meine Wege zur Architektur<\/p>\n<p>[\/vc_column_text][vc_column_text css=&#8220;.vc_custom_1777481345219{margin-top: -30px !important;}&#8220;]Georg D\u00f6ring[\/vc_column_text]<div id=\"zpmg-image-69f35a4e50066\" class=\"zp-element zp-equalheight zp-vs-element zpmg-image   \" style=\"background:url(https:\/\/doering-architekten.de\/wp-content\/uploads\/Georg-Doering-Meine-Wege-zur-Architektur.png); background-size:cover;background-position:center center; \">\n\t\t\t\t<img loading=\"lazy\" decoding=\"async\" width=\"1402\" height=\"1122\" src=\"https:\/\/doering-architekten.de\/wp-content\/uploads\/Georg-Doering-Meine-Wege-zur-Architektur.png\" class=\"zpmg-image-inner\" alt=\"\" srcset=\"https:\/\/doering-architekten.de\/wp-content\/uploads\/Georg-Doering-Meine-Wege-zur-Architektur.png 1402w, https:\/\/doering-architekten.de\/wp-content\/uploads\/Georg-Doering-Meine-Wege-zur-Architektur-300x240.png 300w, https:\/\/doering-architekten.de\/wp-content\/uploads\/Georg-Doering-Meine-Wege-zur-Architektur-1024x819.png 1024w, https:\/\/doering-architekten.de\/wp-content\/uploads\/Georg-Doering-Meine-Wege-zur-Architektur-768x615.png 768w, https:\/\/doering-architekten.de\/wp-content\/uploads\/Georg-Doering-Meine-Wege-zur-Architektur-572x458.png 572w, https:\/\/doering-architekten.de\/wp-content\/uploads\/Georg-Doering-Meine-Wege-zur-Architektur-550x440.png 550w, https:\/\/doering-architekten.de\/wp-content\/uploads\/Georg-Doering-Meine-Wege-zur-Architektur-950x760.png 950w\" sizes=\"auto, (max-width: 1402px) 100vw, 1402px\" \/>\n\t\t\t\t<\/div><article id=\"zpmg-project-description-69f35a4e5031c\" style=\"\" class=\"zp-element zp-vs-element zpmg-project-description \"><h1 class=\"zpmg-text-header-1\">Georg D\u00f6ring \u2013 Meine Wege zur Architektur<\/h1><h2 class=\"zpmg-text-header-2\">Gebundene Ausgabe 2026<\/h1><div class=\"zpmg-text-content-1\"><\/div><\/article>[\/vc_column][\/vc_row][vc_row equal_height=&#8220;yes&#8220;][vc_column width=&#8220;1\/3&#8243; offset=&#8220;vc_col-lg-offset-1 vc_col-lg-4 vc_col-md-5&#8243;]<div id=\"zpmg-text-69f35a4e504b7\" style=\"\" class=\"zp-element  zp-vs-element zpmg-text        \"><p>Anlass des Buches ist das bevorstehende 30j\u00e4hrige Gr\u00fcndungsjubil\u00e4um des D\u00fcsseldorfer Architekturb\u00fcros. Dem Titel stringent folgend handelt es sich jedoch nicht um eine der \u00fcblichen Monografien, sondern zeigt eine pers\u00f6nliche und facettenreiche Perspektive. Damit m\u00f6chte D\u00f6ring das Buch auch f\u00fcr Nichtfachleute \u00f6ffnen und sie f\u00fcr die Sache der Architektur und Relevanz guter Baukultur begeistern. Zu diesem Zweck gliedert sich das Buch in sieben Kapitel, die zentrale Themen des Architekturschaffens beleuchten und vom K\u00f6lner Studio f\u00fcr Gestaltung gestaltet wurden. W\u00e4hrend die voranstehenden \u201eInspirationen\u201c die Denkrichtung veranschaulichen, vertiefen die nachfolgenden \u201eSkizzen\u201c, \u201eKubaturen\u201c und \u201eProzesse\u201c, wie D\u00f6ring sie in seiner Praxis reflektiert und mit Leben erf\u00fcllt. Erg\u00e4nzt werden die zahlreichen Abbildungen durch ein ausf\u00fchrliches Gespr\u00e4ch mit Ulrich M\u00fcller, Architektur Galerie Berlin. Im lebendig reportagenartigen Stil spannt sich der Bogen dabei von Erkenntnissen aus der jahrelangen Praxis von Georg D\u00f6ring bis zu Fragestellungen rund um die Praxis zeitgen\u00f6ssischer Architektur und die Rolle des Berufsstandes in unserer Gesellschaft.<\/p>\n<p>&nbsp;<\/p>\n<p>ISBN: 978-3-7533-1027-5<\/p>\n<hr \/>\n<p>Herausgeber:\u00a0Georg D\u00f6ring<\/p>\n<hr \/>\n<p>Verlag:\u00a0Verlag der Buchhandlung Walther und Franz K\u00f6nig, Ehrenstr. 4,\u00a050672 K\u00f6ln<\/p>\n<hr \/>\n<p>Zahl der Abb.: 127 s\/w und 118 farbig (245 insgesamt)<\/p>\n<hr \/>\n<p>Text: Georg D\u00f6ring, Ulrich M\u00fcller, Architektur Galerie Berlin<\/p>\n<hr \/>\n<p>Gestaltung: Studio f\u00fcr Gestaltung, K\u00f6ln<\/p>\n<hr \/>\n<p>Format: 24 x 31 cm<\/p>\n<hr \/>\n<p>Umfang: 180 Seiten<\/p>\n<hr \/>\n<p>Vertrieb: Buchhandlung Walther K\u00f6nig, Ehrenstr. 4, 50672 K\u00f6ln, <span style=\"white-space: nowrap;\">Tel. 0221 20 59 6 53<\/span>,\u00a0verlag@buchhandlung-walther-koenig.de<\/p>\n<\/div>[\/vc_column][vc_column width=&#8220;1\/2&#8243; offset=&#8220;vc_col-md-7&#8243;]<div id=\"zpmg-image-69f35a4e5069d\" class=\"zp-element zp-equalheight zp-vs-element zpmg-image zpmg-greyscale  \" style=\"background:url(https:\/\/doering-architekten.de\/wp-content\/uploads\/Georg-Doering-Meine-Wege-zur-Architektur1.jpg); background-size:cover;background-position:center center; \">\n\t\t\t\t<img loading=\"lazy\" decoding=\"async\" width=\"1402\" height=\"1122\" src=\"https:\/\/doering-architekten.de\/wp-content\/uploads\/Georg-Doering-Meine-Wege-zur-Architektur1.jpg\" class=\"zpmg-image-inner\" alt=\"\" srcset=\"https:\/\/doering-architekten.de\/wp-content\/uploads\/Georg-Doering-Meine-Wege-zur-Architektur1.jpg 1402w, https:\/\/doering-architekten.de\/wp-content\/uploads\/Georg-Doering-Meine-Wege-zur-Architektur1-300x240.jpg 300w, https:\/\/doering-architekten.de\/wp-content\/uploads\/Georg-Doering-Meine-Wege-zur-Architektur1-1024x819.jpg 1024w, https:\/\/doering-architekten.de\/wp-content\/uploads\/Georg-Doering-Meine-Wege-zur-Architektur1-768x615.jpg 768w, https:\/\/doering-architekten.de\/wp-content\/uploads\/Georg-Doering-Meine-Wege-zur-Architektur1-572x458.jpg 572w, https:\/\/doering-architekten.de\/wp-content\/uploads\/Georg-Doering-Meine-Wege-zur-Architektur1-550x440.jpg 550w, https:\/\/doering-architekten.de\/wp-content\/uploads\/Georg-Doering-Meine-Wege-zur-Architektur1-950x760.jpg 950w\" sizes=\"auto, (max-width: 1402px) 100vw, 1402px\" \/>\n\t\t\t\t<\/div><div id=\"zpmg-text-69f35a4e5088a\" style=\"\" class=\"zp-element  zp-vs-element zpmg-text        \"><p>Erh\u00e4ltlich bei:\u00a0<strong><a href=\"https:\/\/www.buchhandlung-walther-koenig.de\/koenig2\/index.php?mode=details&amp;showcase=1&amp;art=1690668\" target=\"_blank\" rel=\"noopener noreferrer\">Buchhandlung Walther K\u00f6nig<\/a><\/strong><\/p>\n<p>gebundene Ausgabe ab 04.05.2026 erh\u00e4ltlich<\/p>\n<p>Ladenpreis: 29,80\u20ac<\/p>\n<\/div>[\/vc_column][\/vc_row]<\/p>\n<\/div>","protected":false},"excerpt":{"rendered":"<p>[vc_row][vc_column css=&#8220;.vc_custom_1502956990196{margin-top: 50px !important;}&#8220; offset=&#8220;vc_hidden-lg vc_hidden-md vc_hidden-sm&#8220;][\/vc_column][\/vc_row][vc_row][vc_column offset=&#8220;vc_col-lg-offset-2 vc_col-lg-8 vc_col-md-offset-2 vc_col-md-8&#8243; css=&#8220;.vc_custom_1502956957388{margin-top: -200px !important;}&#8220;][vc_column_text css=&#8220;&#8220;] Meine Wege zur Architektur [\/vc_column_text][vc_column_text css=&#8220;.vc_custom_1777481345219{margin-top: -30px !important;}&#8220;]Georg D\u00f6ring[\/vc_column_text][\/vc_column][\/vc_row][vc_row equal_height=&#8220;yes&#8220;][vc_column width=&#8220;1\/3&#8243; offset=&#8220;vc_col-lg-offset-1 vc_col-lg-4 vc_col-md-5&#8243;][\/vc_column][vc_column width=&#8220;1\/2&#8243; offset=&#8220;vc_col-md-7&#8243;][\/vc_column][\/vc_row]<\/p>\n","protected":false},"author":1,"featured_media":0,"parent":0,"menu_order":0,"comment_status":"closed","ping_status":"closed","template":"","meta":{"_acf_changed":false,"_monsterinsights_skip_tracking":false,"_monsterinsights_sitenote_active":false,"_monsterinsights_sitenote_note":"","_monsterinsights_sitenote_category":0,"footnotes":""},"class_list":["post-1632","page","type-page","status-publish","hentry"],"acf":[],"yoast_head":"<!-- This site is optimized with the Yoast SEO plugin v26.5 - https:\/\/yoast.com\/wordpress\/plugins\/seo\/ -->\n<title>Georg D\u00f6ring \u2013 Meine Wege zur Architektur | GEORG D\u00d6RING ARCHITEKTEN D\u00dcSSELDORF<\/title>\n<meta name=\"robots\" content=\"index, follow, max-snippet:-1, max-image-preview:large, max-video-preview:-1\" \/>\n<link rel=\"canonical\" href=\"https:\/\/doering-architekten.de\/de\/georg-doering-meine-wege-zur-architektur\/\" \/>\n<meta name=\"twitter:card\" content=\"summary_large_image\" \/>\n<meta name=\"twitter:title\" content=\"Georg D\u00f6ring \u2013 Meine Wege zur Architektur | GEORG D\u00d6RING ARCHITEKTEN D\u00dcSSELDORF\" \/>\n<meta name=\"twitter:description\" content=\"[vc_row][vc_column css=&#8220;.vc_custom_1502956990196{margin-top: 50px !important;}&#8220; offset=&#8220;vc_hidden-lg vc_hidden-md vc_hidden-sm&#8220;][\/vc_column][\/vc_row][vc_row][vc_column offset=&#8220;vc_col-lg-offset-2 vc_col-lg-8 vc_col-md-offset-2 vc_col-md-8&#8243; css=&#8220;.vc_custom_1502956957388{margin-top: -200px !important;}&#8220;][vc_column_text css=&#8220;&#8220;] Meine Wege zur Architektur [\/vc_column_text][vc_column_text css=&#8220;.vc_custom_1777481345219{margin-top: -30px !important;}&#8220;]Georg D\u00f6ring[\/vc_column_text][\/vc_column][\/vc_row][vc_row equal_height=&#8220;yes&#8220;][vc_column width=&#8220;1\/3&#8243; offset=&#8220;vc_col-lg-offset-1 vc_col-lg-4 vc_col-md-5&#8243;][\/vc_column][vc_column width=&#8220;1\/2&#8243; offset=&#8220;vc_col-md-7&#8243;][\/vc_column][\/vc_row]\" \/>\n<meta name=\"twitter:label1\" content=\"Gesch\u00e4tzte Lesezeit\" \/>\n\t<meta name=\"twitter:data1\" content=\"3\u00a0Minuten\" \/>\n<script type=\"application\/ld+json\" class=\"yoast-schema-graph\">{\"@context\":\"https:\/\/schema.org\",\"@graph\":[{\"@type\":\"WebPage\",\"@id\":\"https:\/\/doering-architekten.de\/de\/georg-doering-meine-wege-zur-architektur\/\",\"url\":\"https:\/\/doering-architekten.de\/de\/georg-doering-meine-wege-zur-architektur\/\",\"name\":\"Georg D\u00f6ring \u2013 Meine Wege zur Architektur | GEORG D\u00d6RING ARCHITEKTEN D\u00dcSSELDORF\",\"isPartOf\":{\"@id\":\"https:\/\/doering-architekten.de\/en\/#website\"},\"datePublished\":\"2017-08-16T20:26:17+00:00\",\"dateModified\":\"2026-04-30T09:08:28+00:00\",\"breadcrumb\":{\"@id\":\"https:\/\/doering-architekten.de\/de\/georg-doering-meine-wege-zur-architektur\/#breadcrumb\"},\"inLanguage\":\"de\",\"potentialAction\":[{\"@type\":\"ReadAction\",\"target\":[\"https:\/\/doering-architekten.de\/de\/georg-doering-meine-wege-zur-architektur\/\"]}]},{\"@type\":\"BreadcrumbList\",\"@id\":\"https:\/\/doering-architekten.de\/de\/georg-doering-meine-wege-zur-architektur\/#breadcrumb\",\"itemListElement\":[{\"@type\":\"ListItem\",\"position\":1,\"name\":\"Home\",\"item\":\"https:\/\/doering-architekten.de\/de\/\"},{\"@type\":\"ListItem\",\"position\":2,\"name\":\"Georg D\u00f6ring \u2013 Meine Wege zur Architektur\"}]},{\"@type\":\"WebSite\",\"@id\":\"https:\/\/doering-architekten.de\/en\/#website\",\"url\":\"https:\/\/doering-architekten.de\/en\/\",\"name\":\"GEORG D\u00d6RING ARCHITEKTEN D\u00dcSSELDORF\",\"description\":\"\",\"potentialAction\":[{\"@type\":\"SearchAction\",\"target\":{\"@type\":\"EntryPoint\",\"urlTemplate\":\"https:\/\/doering-architekten.de\/en\/?s={search_term_string}\"},\"query-input\":{\"@type\":\"PropertyValueSpecification\",\"valueRequired\":true,\"valueName\":\"search_term_string\"}}],\"inLanguage\":\"de\"}]}<\/script>\n<!-- \/ Yoast SEO plugin. -->","yoast_head_json":{"title":"Georg D\u00f6ring \u2013 Meine Wege zur Architektur | GEORG D\u00d6RING ARCHITEKTEN D\u00dcSSELDORF","robots":{"index":"index","follow":"follow","max-snippet":"max-snippet:-1","max-image-preview":"max-image-preview:large","max-video-preview":"max-video-preview:-1"},"canonical":"https:\/\/doering-architekten.de\/de\/georg-doering-meine-wege-zur-architektur\/","twitter_card":"summary_large_image","twitter_title":"Georg D\u00f6ring \u2013 Meine Wege zur Architektur | GEORG D\u00d6RING ARCHITEKTEN D\u00dcSSELDORF","twitter_description":"[vc_row][vc_column css=&#8220;.vc_custom_1502956990196{margin-top: 50px !important;}&#8220; offset=&#8220;vc_hidden-lg vc_hidden-md vc_hidden-sm&#8220;][\/vc_column][\/vc_row][vc_row][vc_column offset=&#8220;vc_col-lg-offset-2 vc_col-lg-8 vc_col-md-offset-2 vc_col-md-8&#8243; css=&#8220;.vc_custom_1502956957388{margin-top: -200px !important;}&#8220;][vc_column_text css=&#8220;&#8220;] Meine Wege zur Architektur [\/vc_column_text][vc_column_text css=&#8220;.vc_custom_1777481345219{margin-top: -30px !important;}&#8220;]Georg D\u00f6ring[\/vc_column_text][\/vc_column][\/vc_row][vc_row equal_height=&#8220;yes&#8220;][vc_column width=&#8220;1\/3&#8243; offset=&#8220;vc_col-lg-offset-1 vc_col-lg-4 vc_col-md-5&#8243;][\/vc_column][vc_column width=&#8220;1\/2&#8243; offset=&#8220;vc_col-md-7&#8243;][\/vc_column][\/vc_row]","twitter_misc":{"Gesch\u00e4tzte Lesezeit":"3\u00a0Minuten"},"schema":{"@context":"https:\/\/schema.org","@graph":[{"@type":"WebPage","@id":"https:\/\/doering-architekten.de\/de\/georg-doering-meine-wege-zur-architektur\/","url":"https:\/\/doering-architekten.de\/de\/georg-doering-meine-wege-zur-architektur\/","name":"Georg D\u00f6ring \u2013 Meine Wege zur Architektur | GEORG D\u00d6RING ARCHITEKTEN D\u00dcSSELDORF","isPartOf":{"@id":"https:\/\/doering-architekten.de\/en\/#website"},"datePublished":"2017-08-16T20:26:17+00:00","dateModified":"2026-04-30T09:08:28+00:00","breadcrumb":{"@id":"https:\/\/doering-architekten.de\/de\/georg-doering-meine-wege-zur-architektur\/#breadcrumb"},"inLanguage":"de","potentialAction":[{"@type":"ReadAction","target":["https:\/\/doering-architekten.de\/de\/georg-doering-meine-wege-zur-architektur\/"]}]},{"@type":"BreadcrumbList","@id":"https:\/\/doering-architekten.de\/de\/georg-doering-meine-wege-zur-architektur\/#breadcrumb","itemListElement":[{"@type":"ListItem","position":1,"name":"Home","item":"https:\/\/doering-architekten.de\/de\/"},{"@type":"ListItem","position":2,"name":"Georg D\u00f6ring \u2013 Meine Wege zur Architektur"}]},{"@type":"WebSite","@id":"https:\/\/doering-architekten.de\/en\/#website","url":"https:\/\/doering-architekten.de\/en\/","name":"GEORG D\u00d6RING ARCHITEKTEN D\u00dcSSELDORF","description":"","potentialAction":[{"@type":"SearchAction","target":{"@type":"EntryPoint","urlTemplate":"https:\/\/doering-architekten.de\/en\/?s={search_term_string}"},"query-input":{"@type":"PropertyValueSpecification","valueRequired":true,"valueName":"search_term_string"}}],"inLanguage":"de"}]}},"_links":{"self":[{"href":"https:\/\/doering-architekten.de\/de\/wp-json\/wp\/v2\/pages\/1632","targetHints":{"allow":["GET"]}}],"collection":[{"href":"https:\/\/doering-architekten.de\/de\/wp-json\/wp\/v2\/pages"}],"about":[{"href":"https:\/\/doering-architekten.de\/de\/wp-json\/wp\/v2\/types\/page"}],"author":[{"embeddable":true,"href":"https:\/\/doering-architekten.de\/de\/wp-json\/wp\/v2\/users\/1"}],"replies":[{"embeddable":true,"href":"https:\/\/doering-architekten.de\/de\/wp-json\/wp\/v2\/comments?post=1632"}],"version-history":[{"count":6,"href":"https:\/\/doering-architekten.de\/de\/wp-json\/wp\/v2\/pages\/1632\/revisions"}],"predecessor-version":[{"id":3230,"href":"https:\/\/doering-architekten.de\/de\/wp-json\/wp\/v2\/pages\/1632\/revisions\/3230"}],"wp:attachment":[{"href":"https:\/\/doering-architekten.de\/de\/wp-json\/wp\/v2\/media?parent=1632"}],"curies":[{"name":"wp","href":"https:\/\/api.w.org\/{rel}","templated":true}]}}